{"id":10000750,"date":"2026-01-22T09:50:41","date_gmt":"2026-01-22T08:50:41","guid":{"rendered":"https:\/\/escolanauticamedinya.com\/?post_type=tribe_events&#038;p=21339"},"modified":"2026-01-22T09:50:50","modified_gmt":"2026-01-22T08:50:50","slug":"per-presencial-girona-marzo-abril-2026","status":"publish","type":"tribe_events","link":"https:\/\/escolanauticamedinya.com\/ca\/evento\/per-presencial-girona-marzo-abril-2026\/2026-04-01\/","title":{"rendered":"PER Presencial Girona | Marzo-Abril 2026"},"content":{"rendered":"<div  class=\"tribe-events-schedule tribe-clearfix\" >\n\t<p class=\"tribe-events-schedule__datetime\">\n\t\t<span class=\"tribe-events-schedule__date tribe-events-schedule__date--start\">\n\t\t\t1 abril\t\t<\/span>\n\n\t\t\t\t\t<span class=\"tribe-events-schedule__separator tribe-events-schedule__separator--date\">\n\t\t\t\t | \t\t\t<\/span>\n\t\t\t<span class=\"tribe-events-schedule__time tribe-events-schedule__time--start\">\n\t\t\t\t19:00\t\t\t<\/span>\n\t\t\n\t\t\t\t\t\t\t\t\t<span class=\"tribe-events-schedule__separator tribe-events-schedule__separator--time\">\n\t\t\t\t\t &#8211; \t\t\t\t<\/span>\n\t\t\t\n\t\t\t\t\t\t\t<span class=\"tribe-events-schedule__time tribe-events-schedule__time--end\">\n\t\t\t\t\t21:30\t\t\t\t<\/span>\n\t\t\t\n\t\t\t\t\t\t<\/p>\n<\/div>\n\n\n\n<p><\/p>\n\n\n\n<p>Inicio del curso: Martes, 24 de marzo de 2026<\/p>\n\n\n\n<ul class=\"wp-block-list\">\n<li>Horario y d\u00edas de las clases:\n<ul class=\"wp-block-list\">\n<li>Martes,<strong>\u00a024 de marzo<\/strong>, de 19h a 21:30h<\/li>\n\n\n\n<li>Miercoles,\u00a0<strong>25 de marzo<\/strong>, de 19h a 21:30h<\/li>\n\n\n\n<li>Jueves,\u00a0<strong>26 de marzo<\/strong>, de 19h a 21:30h<\/li>\n\n\n\n<li>Martes,\u00a0<strong>31 de marzo<\/strong>, de 19h a 21:30h<\/li>\n\n\n\n<li>Miercoles,\u00a0<strong>01 de abril<\/strong>, de 19h a 21:30h<\/li>\n\n\n\n<li>Jueves,\u00a0<strong>02 de marzo<\/strong>, de 19h a 21:30h\n<ul class=\"wp-block-list\">\n<li>Aula:&nbsp;<strong>GIRONA<\/strong>&nbsp;\u2013 Gran V\u00eda Jaime I, 76, 4\u00ba-2\u00aa, 17001 Girona (Girona)<\/li>\n\n\n\n<li>Fecha y lugar del examen:\u00a0<strong>25 de abril en Barcelona<\/strong><\/li>\n<\/ul>\n<\/li>\n<\/ul>\n<\/li>\n<\/ul>\n\n\n\n\n<div  class=\"tribe-block tribe-block__event-price\" >\n\t\t<\/div>\n\n\n\n\n<div  class=\"tribe-block tribe-block__venue tribe-clearfix tribe-block__venue--has-map\" >\n\t\n\t\n<div class=\"tribe-block__venue__meta\">\n\t<div class=\"tribe-block__venue__name\">\n\t\t<h3><a href=\"https:\/\/escolanauticamedinya.com\/ca\/recinte\/escola-nautica-medina-girona\/\" title=\"Escola N\u00e0utica Medi\u00f1\u00e0 &#8211; Girona\">Escola N\u00e0utica Medi\u00f1\u00e0 &#8211; Girona<\/a><\/h3>\n\t<\/div>\n\n\t\n\t\t\t\t\t\t<address class=\"tribe-block__venue__address\">\n\t\t\t\t<span class=\"tribe-address\">\n\n<span class=\"tribe-street-address\">Gran Via de Jaume I, 76<\/span>\n\t\n\t\t<br>\n\t\t<span class=\"tribe-locality\">Girona<\/span><span class=\"tribe-delimiter\">,<\/span>\n\n\t<abbr class=\"tribe-region tribe-events-abbr\" title=\"Girona\">Girona<\/abbr>\n\n\t<span class=\"tribe-postal-code\">17002<\/span>\n\n\t<span class=\"tribe-country-name\">Espa\u00f1a<\/span>\n\n<\/span>\n\n\t\t\t\t\t\t\t\t\t<a class=\"tribe-events-gmap\" href=\"https:\/\/www.google.com\/maps\/search\/?api=1&#038;query=41.980864179292%2C2.8209650846562\" title=\"Feu clic per veure un mapa de Google\" target=\"_blank\" rel=\"noreferrer noopener\">+ Mapa de Google<\/a>\t\t\t\t\t\t\t<\/address>\n\t\t\n\t\t\n\t\t\t\n\t<\/div>\n\t\n<div class=\"tribe-block__venue__map\">\n\t\n<iframe loading=\"lazy\"\n  title=\"Iframe de Google Maps que mostra l'adre\u00e7a a Escola N\u00e0utica Medi\u00f1\u00e0 &#8211; Girona\"\n  aria-label=\"Mapa d&#039;ubicaci\u00f3 del recinte\"\n  width=\"310px\"\n  height=\"256px\"\n  frameborder=\"0\" style=\"border:0\"\n  src=\"https:\/\/www.google.com\/maps\/embed\/v1\/place?key=AIzaSyDNsicAsP6-VuGtAb1O9riI3oc_NOb7IOU&#038;q=Gran+Via+de+Jaume+I%2C+76+Girona+Girona+17002+Espa%C3%B1a+&#038;zoom=10\" allowfullscreen>\n<\/iframe>\n<\/div>\n\n\t<\/div>\n\n\n\n\n\t<div  class=\"tribe-block tribe-block__events-link\" >\n\t\t<div class=\"tribe-events tribe-common\">\n\t\t\t<div class=\"tribe-events-c-subscribe-dropdown__container\">\n\t\t\t\t<div class=\"tribe-events-c-subscribe-dropdown\">\n\t\t\t\t\t<div class=\"tribe-common-c-btn-border tribe-events-c-subscribe-dropdown__button\">\n\t\t\t\t\t\t<svg\n\t class=\"tribe-common-c-svgicon tribe-common-c-svgicon--cal-export tribe-events-c-subscribe-dropdown__export-icon\" \taria-hidden=\"true\"\n\tviewBox=\"0 0 23 17\"\n\txmlns=\"http:\/\/www.w3.org\/2000\/svg\"\n>\n\t<path fill-rule=\"evenodd\" clip-rule=\"evenodd\" d=\"M.128.896V16.13c0 .211.145.383.323.383h15.354c.179 0 .323-.172.323-.383V.896c0-.212-.144-.383-.323-.383H.451C.273.513.128.684.128.896Zm16 6.742h-.901V4.679H1.009v10.729h14.218v-3.336h.901V7.638ZM1.01 1.614h14.218v2.058H1.009V1.614Z\" \/>\n\t<path d=\"M20.5 9.846H8.312M18.524 6.953l2.89 2.909-2.855 2.855\" stroke-width=\"1.2\" stroke-linecap=\"round\" stroke-linejoin=\"round\"\/>\n<\/svg>\n\t\t\t\t\t\t<button\n\t\t\t\t\t\t\tclass=\"tribe-events-c-subscribe-dropdown__button-text\"\n\t\t\t\t\t\t\taria-expanded=\"false\"\n\t\t\t\t\t\t\taria-controls=\"tribe-events-subscribe-dropdown-content\"\n\t\t\t\t\t\t\taria-label=\"View links to add events to your calendar\"\n\t\t\t\t\t\t>\n\t\t\t\t\t\t\tAfegeix al calendari\t\t\t\t\t\t<\/button>\n\t\t\t\t\t\t<svg\n\t class=\"tribe-common-c-svgicon tribe-common-c-svgicon--caret-down tribe-events-c-subscribe-dropdown__button-icon\" \taria-hidden=\"true\"\n\tviewBox=\"0 0 10 7\"\n\txmlns=\"http:\/\/www.w3.org\/2000\/svg\"\n>\n\t<path fill-rule=\"evenodd\" clip-rule=\"evenodd\" d=\"M1.008.609L5 4.6 8.992.61l.958.958L5 6.517.05 1.566l.958-.958z\" class=\"tribe-common-c-svgicon__svg-fill\"\/>\n<\/svg>\n\t\t\t\t\t<\/div>\n\t\t\t\t\t<div id=\"tribe-events-subscribe-dropdown-content\" class=\"tribe-events-c-subscribe-dropdown__content\">\n\t\t\t\t\t\t<ul class=\"tribe-events-c-subscribe-dropdown__list\">\n\t\t\t\t\t\t\t\t\t\t\t\t\t\t\t<li class=\"tribe-events-c-subscribe-dropdown__list-item tribe-events-c-subscribe-dropdown__list-item--gcal\">\n\t\t\t\t\t\t\t\t\t<a href=\"https:\/\/www.google.com\/calendar\/event?action=TEMPLATE&#038;dates=20260401T190000\/20260401T213000&#038;text=PER%20Presencial%20Girona%20%7C%20Marzo-Abril%202026&#038;details=%3Cp%3E%3C%2Fp%3E+%3Cp%3EInicio+del+curso%3A+Martes%2C+24+de+marzo+de+2026%3C%2Fp%3E+%3Cul+class%3D%22wp-block-list%22%3E%3Cli%3EHorario+y+d%C3%ADas+de+las+clases%3A%3Cul+class%3D%22wp-block-list%22%3E%3Cli%3EMartes%2C%3Cstrong%3E%C2%A024+de+marzo%3C%2Fstrong%3E%2C+de+19h+a+21%3A30h%3C%2Fli%3E%3Cli%3EMiercoles%2C%C2%A0%3Cstrong%3E25+de+marzo%3C%2Fstrong%3E%2C+de+19h+a+21%3A30h%3C%2Fli%3E%3Cli%3EJueves%2C%C2%A0%3Cstrong%3E26+de+marzo%3C%2Fstrong%3E%2C+de+19h+a+21%3A30h%3C%2Fli%3E%3Cli%3EMartes%2C%C2%A0%3Cstrong%3E31+de+marzo%3C%2Fstrong%3E%2C+de+19h+a+21%3A30h%3C%2Fli%3E%3Cli%3EMiercoles%2C%C2%A0%3Cstrong%3E01+de+abril%3C%2Fstrong%3E%2C+de+19h+a+21%3A30h%3C%2Fli%3E%3Cli%3EJueves%2C%C2%A0%3Cstrong%3E02+de+marzo%3C%2Fstrong%3E%2C+de+19h+a+21%3A30h%3Cul+class%3D%22wp-block-list%22%3E%3Cli%3EAula%3A%26nbsp%3B%3Cstrong%3EGIRONA%3C%2Fstrong%3E%26nbsp%3B%E2%80%93+Gran+V%C3%ADa+Jaime+I%2C+76%2C+4%C2%BA-2%C2%AA%2C+17001+Girona+%28Girona%29%3C%2Fli%3E%3Cli%3EFecha+y+lugar+del+examen%3A%C2%A0%3Cstrong%3E25+de+abril+en+Barcelona%3C%2Fstrong%3E%3C%2Fli%3E%3C%2Ful%3E%3C%2Fli%3E%3C%2Ful%3E%3C%2Fli%3E%3C%2Ful%3E%3Cdiv+class%3D%22wp-block-tribe-tickets%22%3E%3C%2Fdiv%3E&#038;location=Escola%20N\u00e0utica%20Medi\u00f1\u00e0%20&#8211;%20Girona,%20Gran%20Via%20de%20Jaume%20I,%2076,%20Girona,%20Girona,%2017002,%20Espa\u00f1a&#038;trp=false&#038;ctz=Europe\/Madrid&#038;sprop=website:https:\/\/escolanauticamedinya.com\/ca\/\" class=\"tribe-events-c-subscribe-dropdown__list-item-link\" target=\"_blank\" rel=\"noopener noreferrer nofollow noindex\">\n\t\t\t\t\t\t\t\t\t\tGoogle Calendar\t\t\t\t\t\t\t\t\t<\/a>\n\t\t\t\t\t\t\t\t<\/li>\n\t\t\t\t\t\t\t\t\t\t\t\t\t\t\t<li class=\"tribe-events-c-subscribe-dropdown__list-item tribe-events-c-subscribe-dropdown__list-item--ical\">\n\t\t\t\t\t\t\t\t\t<a\n\t\t\t\t\t\t\t\t\t\thref=\"\"\n\t\t\t\t\t\t\t\t\t\tclass=\"tribe-events-c-subscribe-dropdown__list-item-link\"\n\t\t\t\t\t\t\t\t\t\ttarget=\"_blank\"\n\t\t\t\t\t\t\t\t\t\trel=\"noopener noreferrer nofollow noindex\"\n\t\t\t\t\t\t\t\t\t>\n\t\t\t\t\t\t\t\t\t\tiCalendar\t\t\t\t\t\t\t\t\t<\/a>\n\t\t\t\t\t\t\t\t<\/li>\n\t\t\t\t\t\t\t\t\t\t\t\t\t\t\t<li class=\"tribe-events-c-subscribe-dropdown__list-item tribe-events-c-subscribe-dropdown__list-item--outlook-365\">\n\t\t\t\t\t\t\t\t\t<a\n\t\t\t\t\t\t\t\t\t\thref=\"\"\n\t\t\t\t\t\t\t\t\t\tclass=\"tribe-events-c-subscribe-dropdown__list-item-link\"\n\t\t\t\t\t\t\t\t\t\ttarget=\"_blank\"\n\t\t\t\t\t\t\t\t\t\trel=\"noopener noreferrer nofollow noindex\"\n\t\t\t\t\t\t\t\t\t>\n\t\t\t\t\t\t\t\t\t\tOutlook 365\t\t\t\t\t\t\t\t\t<\/a>\n\t\t\t\t\t\t\t\t<\/li>\n\t\t\t\t\t\t\t\t\t\t\t\t\t\t\t<li class=\"tribe-events-c-subscribe-dropdown__list-item tribe-events-c-subscribe-dropdown__list-item--outlook-live\">\n\t\t\t\t\t\t\t\t\t<a\n\t\t\t\t\t\t\t\t\t\thref=\"\"\n\t\t\t\t\t\t\t\t\t\tclass=\"tribe-events-c-subscribe-dropdown__list-item-link\"\n\t\t\t\t\t\t\t\t\t\ttarget=\"_blank\"\n\t\t\t\t\t\t\t\t\t\trel=\"noopener noreferrer nofollow noindex\"\n\t\t\t\t\t\t\t\t\t>\n\t\t\t\t\t\t\t\t\t\tOutlook Live\t\t\t\t\t\t\t\t\t<\/a>\n\t\t\t\t\t\t\t\t<\/li>\n\t\t\t\t\t\t\t\t\t\t\t\t\t<\/ul>\n\t\t\t\t\t<\/div>\n\t\t\t\t<\/div>\n\t\t\t<\/div>\n\t\t<\/div>\n\t<\/div>\n\n\n\n\n\n","protected":false},"excerpt":{"rendered":"<p>Inicio del curso: Martes, 24 de marzo de 2026<\/p>\n","protected":false},"author":22,"featured_media":0,"template":"","meta":{"_acf_changed":false,"_tec_requires_first_save":false,"_bbp_topic_count":0,"_bbp_reply_count":0,"_bbp_total_topic_count":0,"_bbp_total_reply_count":0,"_bbp_voice_count":0,"_bbp_anonymous_reply_count":0,"_bbp_topic_count_hidden":0,"_bbp_reply_count_hidden":0,"_bbp_forum_subforum_count":0,"inline_featured_image":false,"_price":"","_stock":"","_tribe_ticket_header":"","_tribe_default_ticket_provider":"Tribe__Tickets_Plus__Commerce__WooCommerce__Main","_tribe_ticket_capacity":"0","_ticket_start_date":"","_ticket_end_date":"","_tribe_ticket_show_description":"","_tribe_ticket_show_not_going":false,"_tribe_ticket_use_global_stock":"","_tribe_ticket_global_stock_level":"","_global_stock_mode":"","_global_stock_cap":"","_tribe_rsvp_for_event":"","_tribe_ticket_going_count":"","_tribe_ticket_not_going_count":"","_tribe_tickets_list":"[]","_tribe_ticket_has_attendee_info_fields":false,"_EventAllDay":false,"_EventTimezone":"Europe\/Madrid","_EventStartDate":"2026-04-01 19:00:00","_EventEndDate":"2026-04-01 21:30:00","_EventStartDateUTC":"2026-04-01 17:00:00","_EventEndDateUTC":"2026-04-01 19:30:00","_EventShowMap":false,"_EventShowMapLink":false,"_EventURL":"","_EventCost":"","_EventCostDescription":"","_EventCurrencySymbol":"\u20ac","_EventCurrencyCode":"EUR","_EventCurrencyPosition":"suffix","_EventDateTimeSeparator":" | ","_EventTimeRangeSeparator":" - ","_EventOrganizerID":[],"_EventVenueID":[10596],"_OrganizerEmail":"","_OrganizerPhone":"","_OrganizerWebsite":"","_VenueAddress":"","_VenueCity":"","_VenueCountry":"","_VenueProvince":"","_VenueState":"","_VenueZip":"","_VenuePhone":"","_VenueURL":"","_VenueStateProvince":"","_VenueLat":"","_VenueLng":"","_VenueShowMap":false,"_VenueShowMapLink":false,"_tribe_blocks_recurrence_rules":"[{\"type\":\"weekly\",\"all_day\":false,\"multi_day\":true,\"start_date\":\"2025-02-04\",\"_start_date_input\":\"4 DDzz febrero DDzz 2025\",\"_start_date_obj\":null,\"start_time\":\"19:00:00\",\"_start_time_input\":\"19:00\",\"end_date\":\"2025-02-06\",\"_end_date_input\":\"6 DDzz febrero DDzz 2025\",\"_end_date_obj\":null,\"end_time\":\"21:30:00\",\"_end_time_input\":\"21:30\",\"between\":1,\"limit_type\":\"date\",\"limit\":\"2026-04-02\",\"_limit_date_input\":\"2 de abril de 2026\",\"_limit_date_obj\":\"2026-04-01T22:00:00.000Z\",\"days\":[2,3,4],\"week\":\"first\",\"day\":2,\"month\":[2],\"timezone\":\"Europe\/Madrid\",\"multi_day_span\":\"second_day\",\"isOffStart\":false}]","_tribe_blocks_recurrence_description":"","_tribe_blocks_recurrence_exclusions":"","_tribe_events_status":"","_tribe_events_status_reason":"","_tribe_events_is_hybrid":"","_tribe_events_is_virtual":"","_tribe_events_virtual_video_source":"","_tribe_events_virtual_embed_video":"","_tribe_events_virtual_linked_button_text":"","_tribe_events_virtual_linked_button":"","_tribe_events_virtual_show_embed_at":"","_tribe_events_virtual_show_embed_to":[],"_tribe_events_virtual_show_on_event":"","_tribe_events_virtual_show_on_views":"","_tribe_events_virtual_url":"","footnotes":"","_tec_slr_enabled":"","_tec_slr_layout":""},"tags":[],"tribe_events_cat":[84,85],"class_list":["post-10000750","tribe_events","type-tribe_events","status-publish","hentry","tribe_events_cat-per","tribe_events_cat-per-curso-girona","cat_per","cat_per-curso-girona","tribe-recurring-event","tribe-recurring-event-parent"],"acf":[],"ticketed":false,"_links":{"self":[{"href":"https:\/\/escolanauticamedinya.com\/ca\/wp-json\/wp\/v2\/tribe_events\/10000750","targetHints":{"allow":["GET"]}}],"collection":[{"href":"https:\/\/escolanauticamedinya.com\/ca\/wp-json\/wp\/v2\/tribe_events"}],"about":[{"href":"https:\/\/escolanauticamedinya.com\/ca\/wp-json\/wp\/v2\/types\/tribe_events"}],"author":[{"embeddable":true,"href":"https:\/\/escolanauticamedinya.com\/ca\/wp-json\/wp\/v2\/users\/22"}],"version-history":[{"count":0,"href":"https:\/\/escolanauticamedinya.com\/ca\/wp-json\/wp\/v2\/tribe_events\/10000750\/revisions"}],"wp:attachment":[{"href":"https:\/\/escolanauticamedinya.com\/ca\/wp-json\/wp\/v2\/media?parent=10000750"}],"wp:term":[{"taxonomy":"post_tag","embeddable":true,"href":"https:\/\/escolanauticamedinya.com\/ca\/wp-json\/wp\/v2\/tags?post=10000750"},{"taxonomy":"tribe_events_cat","embeddable":true,"href":"https:\/\/escolanauticamedinya.com\/ca\/wp-json\/wp\/v2\/tribe_events_cat?post=10000750"}],"curies":[{"name":"wp","href":"https:\/\/api.w.org\/{rel}","templated":true}]}}