{"id":10000776,"date":"2026-01-23T15:16:32","date_gmt":"2026-01-23T14:16:32","guid":{"rendered":"https:\/\/escolanauticamedinya.com\/?post_type=tribe_events&#038;p=21398"},"modified":"2026-02-19T10:33:42","modified_gmt":"2026-02-19T09:33:42","slug":"per-presencial-palamos-junio-2026","status":"publish","type":"tribe_events","link":"https:\/\/escolanauticamedinya.com\/ca\/evento\/per-presencial-palamos-junio-2026\/2026-06-27\/1\/","title":{"rendered":"PER Presencial Palam\u00f3s | Junio 2026"},"content":{"rendered":"<div  class=\"tribe-events-schedule tribe-clearfix\" >\n\t<p class=\"tribe-events-schedule__datetime\">\n\t\t<span class=\"tribe-events-schedule__date tribe-events-schedule__date--start\">\n\t\t\t27 juny\t\t<\/span>\n\n\t\t\t\t\t<span class=\"tribe-events-schedule__separator tribe-events-schedule__separator--date\">\n\t\t\t\t | \t\t\t<\/span>\n\t\t\t<span class=\"tribe-events-schedule__time tribe-events-schedule__time--start\">\n\t\t\t\t9:00\t\t\t<\/span>\n\t\t\n\t\t\t\t\t\t\t\t\t<span class=\"tribe-events-schedule__separator tribe-events-schedule__separator--time\">\n\t\t\t\t\t &#8211; \t\t\t\t<\/span>\n\t\t\t\n\t\t\t\t\t\t\t<span class=\"tribe-events-schedule__time tribe-events-schedule__time--end\">\n\t\t\t\t\t13:00\t\t\t\t<\/span>\n\t\t\t\n\t\t\t\t\t\t<\/p>\n<\/div>\n\n\n\n<p>Inicio del curso: Viernes, 26 de junio de 2026<br><br>Horario y d\u00edas de las clases:<br><strong>&#8211; Viernes, 26 de junio de 16:00h a 20:00h<\/strong><br><strong>&#8211; S\u00e1bado, 27 de junio de 9:00h a 13:00h y de 14:00h a 18:00h<\/strong><br><strong>&#8211; Domingo, 28 de junio de 9:00h a 13:00h<\/strong><br><br>Aula:<strong>&nbsp;PALAM\u00d3S&nbsp;<\/strong>C\/Salvador Albert i Pey, s\/n, Local 11 \u2013 PORT MARINA PALAM\u00d3S, 17230 Palam\u00f3s (Girona)<br>Fecha y lugar del examen:<strong>&nbsp;18 de julio de 2026 en Barcelona.<\/strong><\/p>\n\n\n\n<div data-wp-context=\"{&quot;notices&quot;:[],&quot;hideNextPreviousButtons&quot;:false,&quot;isDisabledPrevious&quot;:true,&quot;isDisabledNext&quot;:false,&quot;ariaLabelPrevious&quot;:&quot;Productes anteriors&quot;,&quot;ariaLabelNext&quot;:&quot;Productes seg\\u00fcents&quot;,&quot;collection&quot;:&quot;woocommerce\\\/product-collection\\\/hand-picked&quot;}\" data-wp-init=\"callbacks.onRender\" data-wp-interactive=\"woocommerce\/product-collection\" data-wp-router-region=\"wc-product-collection-11\" data-__private-preview-state=\"{&quot;isPreview&quot;:false,&quot;previewMessage&quot;:&quot;Los productos reales pueden diferir en funci\\u00f3n de la p\\u00e1gina en la que se est\\u00e9n viendo.&quot;}\" data-block-name=\"woocommerce\/product-collection\" data-collection=\"woocommerce\/product-collection\/hand-picked\" data-dimensions=\"{&quot;widthType&quot;:&quot;fill&quot;}\" data-display-layout=\"{&quot;type&quot;:&quot;flex&quot;,&quot;columns&quot;:5,&quot;shrinkColumns&quot;:true}\" data-hide-controls=\"[&quot;inherit&quot;,&quot;hand-picked&quot;,&quot;filterable&quot;,&quot;order&quot;]\" data-query-context-includes=\"[&quot;collection&quot;]\" data-query-id=\"11\" data-query=\"{&quot;perPage&quot;:9,&quot;pages&quot;:0,&quot;offset&quot;:0,&quot;postType&quot;:&quot;product&quot;,&quot;order&quot;:&quot;asc&quot;,&quot;orderBy&quot;:&quot;post__in&quot;,&quot;search&quot;:&quot;&quot;,&quot;exclude&quot;:[],&quot;inherit&quot;:false,&quot;taxQuery&quot;:[],&quot;isProductCollectionBlock&quot;:true,&quot;featured&quot;:false,&quot;woocommerceOnSale&quot;:false,&quot;woocommerceStockStatus&quot;:[&quot;instock&quot;,&quot;outofstock&quot;,&quot;onbackorder&quot;],&quot;woocommerceAttributes&quot;:[],&quot;woocommerceHandPickedProducts&quot;:[&quot;21286&quot;],&quot;filterable&quot;:false,&quot;relatedBy&quot;:{&quot;categories&quot;:true,&quot;tags&quot;:true}}\" data-tag-name=\"div\" class=\"wp-block-woocommerce-product-collection is-layout-flow wp-block-woocommerce-product-collection-is-layout-flow\">\t\t<div data-wp-interactive=\"woocommerce\/store-notices\" class=\"wc-block-components-notices alignwide\">\n\t\t\t<template data-wp-each--notice=\"state.notices\" data-wp-each-key=\"context.notice.id\">\n\t\t\t\t<div\n\t\t\t\t\tclass=\"wc-block-components-notice-banner\"\n\t\t\t\t\tdata-wp-init=\"callbacks.scrollIntoView\"\n\t\t\t\t\tdata-wp-class--is-error=\"state.isError\"\n\t\t\t\t\tdata-wp-class--is-success=\"state.isSuccess\"\n\t\t\t\t\tdata-wp-class--is-info=\"state.isInfo\"\n\t\t\t\t\tdata-wp-class--is-dismissible=\"context.notice.dismissible\"\n\t\t\t\t\tdata-wp-bind--role=\"state.role\"\n\t\t\t\t\tdata-wp-watch=\"callbacks.injectIcon\"\n\t\t\t\t>\n\t\t\t\t\t<div class=\"wc-block-components-notice-banner__content\">\n\t\t\t\t\t\t<span data-wp-init=\"callbacks.renderNoticeContent\" aria-live=\"assertive\" aria-atomic=\"true\"><\/span>\n\t\t\t\t\t<\/div>\n\t\t\t\t\t<button\n\t\t\t\t\t\tdata-wp-bind--hidden=\"!context.notice.dismissible\"\n\t\t\t\t\t\tclass=\"wc-block-components-button wp-element-button wc-block-components-notice-banner__dismiss contained\"\n\t\t\t\t\t\taria-label=\"Descarta aquest av\u00eds\"\n\t\t\t\t\t\tdata-wp-on--click=\"actions.removeNotice\"\n\t\t\t\t\t>\n\t\t\t\t\t\t<svg xmlns=\"http:\/\/www.w3.org\/2000\/svg\" viewBox=\"0 0 24 24\">\n\t\t\t\t\t\t\t<path d=\"M13 11.8l6.1-6.3-1-1-6.1 6.2-6.1-6.2-1 1 6.1 6.3-6.5 6.7 1 1 6.5-6.6 6.5 6.6 1-1z\" \/>\n\t\t\t\t\t\t<\/svg>\n\t\t\t\t\t<\/button>\n\t\t\t\t<\/div>\n\t\t\t<\/template>\n\t\t<\/div>\n\t\t\n<h2 class=\"wp-block-heading has-text-align-center\" style=\"margin-bottom:1rem\">Productos recomendados<\/h2>\n\n\n<ul data-block-name=\"woocommerce\/product-template\" data-layout=\"[]\" class=\"wc-block-product-template__responsive columns-5 wc-block-product-template wp-block-woocommerce-product-template is-layout-flow wp-block-woocommerce-product-template-is-layout-flow\" data-wp-on--scroll=\"actions.watchScroll\" data-wp-init=\"callbacks.initResizeObserver\"><li class=\"wc-block-product post-21286 product type-product status-publish has-post-thumbnail product_cat-cursos-nauticos product_cat-patron-de-embarcaciones-de-recreo-per product_cat-per-curso-presencial product_cat-per-palamos product_tag-girona first instock sale taxable shipping-taxable purchasable product-type-variable\"\n\t\t\t\t\t\n\t\t\t\tdata-wp-interactive=\"woocommerce\/product-collection\"\n\t\t\t\tdata-wp-context='{\"productId\":21286}'\n\t\t\t\tdata-wp-key=\"product-item-21286\"\n\t\t\t\n\t\t\t\t>\n\t\t\t\t\t\n<div data-block-name=\"woocommerce\/product-image\" data-image-sizing=\"thumbnail\" data-is-descendent-of-query-loop=\"true\" data-show-sale-badge=\"false\" class=\"wc-block-components-product-image wc-block-grid__product-image wc-block-components-product-image--aspect-ratio-auto wp-block-woocommerce-product-image\"><a href=\"https:\/\/escolanauticamedinya.com\/ca\/producte\/per-presencial-palamos-junio-2026\/\" style=\"\" data-wp-on--click=\"woocommerce\/product-collection::actions.viewProduct\"><img decoding=\"async\" width=\"600\" height=\"600\" src=\"https:\/\/escolanauticamedinya.com\/wp-content\/uploads\/2023\/09\/presencial-6.webp\" class=\"attachment-woocommerce_thumbnail size-woocommerce_thumbnail\" alt=\"Curso Presencial Medinya\" data-testid=\"product-image\" data-image-id=\"5615\" style=\"object-fit:cover;\" loading=\"lazy\" srcset=\"https:\/\/escolanauticamedinya.com\/wp-content\/uploads\/2023\/09\/presencial-6.webp 600w, https:\/\/escolanauticamedinya.com\/wp-content\/uploads\/2023\/09\/presencial-6-100x100.webp 100w, https:\/\/escolanauticamedinya.com\/wp-content\/uploads\/2023\/09\/presencial-6-300x300.webp 300w, https:\/\/escolanauticamedinya.com\/wp-content\/uploads\/2023\/09\/presencial-6-150x150.webp 150w\" sizes=\"auto, (max-width: 600px) 100vw, 600px\" \/><div class=\"wc-block-components-product-image__inner-container\">\n<div data-block-name=\"woocommerce\/product-sale-badge\" class=\"wp-block-woocommerce-product-sale-badge \"><div class=\"wc-block-components-product-sale-badge alignright wc-block-components-product-sale-badge--align-right\" style=\"\"><span class=\"wc-block-components-product-sale-badge__text\" aria-hidden=\"true\">Oferta<\/span><span class=\"screen-reader-text\">Producte rebaixat<\/span><\/div><\/div>\n<\/div><\/a><\/div>\n\n<h2 style=\"line-height:1.4; margin-bottom:0.75rem;margin-top:0;\" class=\"has-text-align-center wp-block-post-title has-medium-font-size\"><a data-wp-on--click=\"woocommerce\/product-collection::actions.viewProduct\" href=\"https:\/\/escolanauticamedinya.com\/ca\/producte\/per-presencial-palamos-junio-2026\/\" target=\"_self\" >PER Presencial Palam\u00f3s | Junio 2026<\/a><\/h2>\n\n<div data-block-name=\"woocommerce\/product-price\" data-font-size=\"small\" data-is-descendent-of-query-loop=\"true\" data-text-align=\"center\" class=\"has-font-size has-small-font-size has-text-align-center wp-block-woocommerce-product-price has-small-font-size\" ><div class=\"wc-block-components-product-price wc-block-grid__product-price\" >\n\t\t\t\t\t<span class=\"woocommerce-Price-amount amount\" aria-hidden=\"true\"><bdi>423,20&nbsp;<span class=\"woocommerce-Price-currencySymbol\">&euro;<\/span><\/bdi><\/span> <span aria-hidden=\"true\">&ndash;<\/span> <span class=\"woocommerce-Price-amount amount\" aria-hidden=\"true\"><bdi>1.748,21&nbsp;<span class=\"woocommerce-Price-currencySymbol\">&euro;<\/span><\/bdi><\/span><span class=\"screen-reader-text\">Interval de preus: 423,20&nbsp;&euro; a 1.748,21&nbsp;&euro;<\/span>\n\t\t\t\t<\/div><\/div>\n\n<div data-block-name=\"woocommerce\/product-button\" data-font-size=\"small\" data-is-descendent-of-query-loop=\"true\" data-text-align=\"center\" class=\"wp-block-button wc-block-components-product-button   align-center wp-block-woocommerce-product-button has-small-font-size\"\n\t\t\t\t\t\n\t\t\t\t\tdata-wp-context='{\"quantityToAdd\":1,\"productId\":21286,\"productType\":\"variable\",\"addToCartText\":\"Selecciona opcions\",\"tempQuantity\":0,\"animationStatus\":\"IDLE\",\"inTheCartText\":\"### a la cistella\",\"noticeId\":\"\",\"hasPressedButton\":false}'\n\t\t\t\t>\n\t\t\t\t\t<a\n\t\t\t\t\t\tclass=\"wp-block-button__link wp-element-button wc-block-components-product-button__button add_to_cart_button product_type_variable has-font-size has-small-font-size has-text-align-center wc-interactive\"\n\t\t\t\t\t\tstyle=\"\"\n\t\t\t\t\t\thref=\"https:\/\/escolanauticamedinya.com\/ca\/producte\/per-presencial-palamos-junio-2026\/\" rel=\"nofollow\" data-product_id=\"21286\" data-product_sku=\"\" aria-label=\"Selecciona opcions per a &ldquo;PER Presencial Palam\u00f3s | Junio 2026&rdquo;\"\n\t\t\t\t\t\tdata-wp-on--click=\"woocommerce\/product-collection::actions.viewProduct\"\n\t\t\t\t\t>\n\t\t\t\t\t<span >Selecciona opcions<\/span>\n\t\t\t\t\t<\/a>\n\t\t\t\t\t\n\t\t\t\t<\/div>\n\n\t\t\t\t<\/li><\/ul><\/div>\n\n\n<div  class=\"tribe-block tribe-block__event-price\" >\n\t\t<\/div>\n\n\n\n\n<div  class=\"tribe-block tribe-block__venue tribe-clearfix\" >\n\t\n\t\n<div class=\"tribe-block__venue__meta\">\n\t<div class=\"tribe-block__venue__name\">\n\t\t<h3><a href=\"https:\/\/escolanauticamedinya.com\/ca\/recinte\/escola-nautica-medinya-palamos-port-marina\/\" title=\"Escola N\u00e0utica Mediny\u00e0 Palam\u00f3s &#8211; Port Marina\">Escola N\u00e0utica Mediny\u00e0 Palam\u00f3s &#8211; Port Marina<\/a><\/h3>\n\t<\/div>\n\n\t\n\t\t\t\t\t\t<address class=\"tribe-block__venue__address\">\n\t\t\t\t<span class=\"tribe-address\">\n\n<span class=\"tribe-street-address\">Port Marina<\/span>\n\t\n\t\t<br>\n\t\t<span class=\"tribe-locality\">Palam\u00f3s<\/span><span class=\"tribe-delimiter\">,<\/span>\n\n\t<abbr class=\"tribe-region tribe-events-abbr\" title=\"Girona\">Girona<\/abbr>\n\n\t<span class=\"tribe-postal-code\">17230<\/span>\n\n\t<span class=\"tribe-country-name\">Espa\u00f1a<\/span>\n\n<\/span>\n\n\t\t\t\t\t\t\t<\/address>\n\t\t\n\t\t\t\t\t<span class=\"tribe-block__venue__phone\">972316722<\/span><br \/>\n\t\t\n\t\t\t\t\t<span class=\"tribe-block__venue__website\"><a href=\"https:\/\/escolanauticamedinya.com\" target=\"_self\" rel=\"external\">Visualitza el lloc web de Recinte<\/a><\/span><br \/>\n\t\t\t\n\t<\/div>\n\t\n\t<\/div>\n\n\n\n\n\t<div  class=\"tribe-block tribe-block__events-link\" >\n\t\t<div class=\"tribe-events tribe-common\">\n\t\t\t<div class=\"tribe-events-c-subscribe-dropdown__container\">\n\t\t\t\t<div class=\"tribe-events-c-subscribe-dropdown\">\n\t\t\t\t\t<div class=\"tribe-common-c-btn-border tribe-events-c-subscribe-dropdown__button\">\n\t\t\t\t\t\t<svg\n\t class=\"tribe-common-c-svgicon tribe-common-c-svgicon--cal-export tribe-events-c-subscribe-dropdown__export-icon\" \taria-hidden=\"true\"\n\tviewBox=\"0 0 23 17\"\n\txmlns=\"http:\/\/www.w3.org\/2000\/svg\"\n>\n\t<path fill-rule=\"evenodd\" clip-rule=\"evenodd\" d=\"M.128.896V16.13c0 .211.145.383.323.383h15.354c.179 0 .323-.172.323-.383V.896c0-.212-.144-.383-.323-.383H.451C.273.513.128.684.128.896Zm16 6.742h-.901V4.679H1.009v10.729h14.218v-3.336h.901V7.638ZM1.01 1.614h14.218v2.058H1.009V1.614Z\" \/>\n\t<path d=\"M20.5 9.846H8.312M18.524 6.953l2.89 2.909-2.855 2.855\" stroke-width=\"1.2\" stroke-linecap=\"round\" stroke-linejoin=\"round\"\/>\n<\/svg>\n\t\t\t\t\t\t<button\n\t\t\t\t\t\t\tclass=\"tribe-events-c-subscribe-dropdown__button-text\"\n\t\t\t\t\t\t\taria-expanded=\"false\"\n\t\t\t\t\t\t\taria-controls=\"tribe-events-subscribe-dropdown-content\"\n\t\t\t\t\t\t\taria-label=\"View links to add events to your calendar\"\n\t\t\t\t\t\t>\n\t\t\t\t\t\t\tAfegeix al calendari\t\t\t\t\t\t<\/button>\n\t\t\t\t\t\t<svg\n\t class=\"tribe-common-c-svgicon tribe-common-c-svgicon--caret-down tribe-events-c-subscribe-dropdown__button-icon\" \taria-hidden=\"true\"\n\tviewBox=\"0 0 10 7\"\n\txmlns=\"http:\/\/www.w3.org\/2000\/svg\"\n>\n\t<path fill-rule=\"evenodd\" clip-rule=\"evenodd\" d=\"M1.008.609L5 4.6 8.992.61l.958.958L5 6.517.05 1.566l.958-.958z\" class=\"tribe-common-c-svgicon__svg-fill\"\/>\n<\/svg>\n\t\t\t\t\t<\/div>\n\t\t\t\t\t<div id=\"tribe-events-subscribe-dropdown-content\" class=\"tribe-events-c-subscribe-dropdown__content\">\n\t\t\t\t\t\t<ul class=\"tribe-events-c-subscribe-dropdown__list\">\n\t\t\t\t\t\t\t\t\t\t\t\t\t\t\t<li class=\"tribe-events-c-subscribe-dropdown__list-item tribe-events-c-subscribe-dropdown__list-item--gcal\">\n\t\t\t\t\t\t\t\t\t<a\n\t\t\t\t\t\t\t\t\t\thref=\"https:\/\/www.google.com\/calendar\/event?action=TEMPLATE&#038;dates=20260627T090000\/20260627T130000&#038;text=PER%20Presencial%20Palam%C3%B3s%20%7C%20Junio%202026&#038;details=%3Cp%3EInicio+del+curso%3A+Viernes%2C+26+de+junio+de+2026%3Cbr%3E%3Cbr%3EHorario+y+d%C3%ADas+de+las+clases%3A%3Cbr%3E%3Cstrong%3E-+Viernes%2C+26+de+junio+de+16%3A00h+a+20%3A00h%3C%2Fstrong%3E%3Cbr%3E%3Cstrong%3E-+S%C3%A1bado%2C+27+de+junio+de+9%3A00h+a+13%3A00h+y+de+14%3A00h+a+18%3A00h%3C%2Fstrong%3E%3Cbr%3E%3Cstrong%3E-+Domingo%2C+28+de+junio+de+9%3A00h+a+13%3A00h%3C%2Fstrong%3E%3Cbr%3E%3Cbr%3EAula%3A%3Cstrong%3E%26nbsp%3BPALAM%C3%93S%26nbsp%3B%3C%2Fstrong%3EC%2FSalvador+Albert+i+Pey%2C+s%2Fn%2C+Local+11+%E2%80%93+PORT+MARINA+PALAM%C3%93S%2C+17230+Palam%C3%B3s+%28Girona%29%3Cbr%3EFecha+y+lugar+del+examen%3A%3Cstrong%3E%26nbsp%3B18+de+julio+de+2026+en+Barcelona.%3C%2Fstrong%3E%3C%2Fp%3E+%3Cdiv+class%3D%22wp-block-woocommerce-product-collection%22%3E%3Ch2+class%3D%22wp-block-heading+has-text-align-center%22+style%3D%22margin-bottom%3A1rem%22%3EProductos+recomendados%3C%2Fh2%3E%3C%2Fdiv%3E&#038;location=Escola%20N\u00e0utica%20Mediny\u00e0%20Palam\u00f3s%20&#8211;%20Port%20Marina,%20Port%20Marina,%20Palam\u00f3s,%20Girona,%2017230,%20Espa\u00f1a&#038;trp=false&#038;ctz=Europe\/Madrid&#038;sprop=website:https:\/\/escolanauticamedinya.com\/ca\/\"\n\t\t\t\t\t\t\t\t\t\tclass=\"tribe-events-c-subscribe-dropdown__list-item-link\"\n\t\t\t\t\t\t\t\t\t\ttarget=\"_blank\"\n\t\t\t\t\t\t\t\t\t\trel=\"noopener noreferrer nofollow noindex\"\n\t\t\t\t\t\t\t\t\t>\n\t\t\t\t\t\t\t\t\t\tGoogle Calendar\t\t\t\t\t\t\t\t\t<\/a>\n\t\t\t\t\t\t\t\t<\/li>\n\t\t\t\t\t\t\t\t\t\t\t\t\t\t\t<li class=\"tribe-events-c-subscribe-dropdown__list-item tribe-events-c-subscribe-dropdown__list-item--ical\">\n\t\t\t\t\t\t\t\t\t<a\n\t\t\t\t\t\t\t\t\t\thref=\"\"\n\t\t\t\t\t\t\t\t\t\tclass=\"tribe-events-c-subscribe-dropdown__list-item-link\"\n\t\t\t\t\t\t\t\t\t\ttarget=\"_blank\"\n\t\t\t\t\t\t\t\t\t\trel=\"noopener noreferrer nofollow noindex\"\n\t\t\t\t\t\t\t\t\t>\n\t\t\t\t\t\t\t\t\t\tiCalendar\t\t\t\t\t\t\t\t\t<\/a>\n\t\t\t\t\t\t\t\t<\/li>\n\t\t\t\t\t\t\t\t\t\t\t\t\t\t\t<li class=\"tribe-events-c-subscribe-dropdown__list-item tribe-events-c-subscribe-dropdown__list-item--outlook-365\">\n\t\t\t\t\t\t\t\t\t<a\n\t\t\t\t\t\t\t\t\t\thref=\"\"\n\t\t\t\t\t\t\t\t\t\tclass=\"tribe-events-c-subscribe-dropdown__list-item-link\"\n\t\t\t\t\t\t\t\t\t\ttarget=\"_blank\"\n\t\t\t\t\t\t\t\t\t\trel=\"noopener noreferrer nofollow noindex\"\n\t\t\t\t\t\t\t\t\t>\n\t\t\t\t\t\t\t\t\t\tOutlook 365\t\t\t\t\t\t\t\t\t<\/a>\n\t\t\t\t\t\t\t\t<\/li>\n\t\t\t\t\t\t\t\t\t\t\t\t\t\t\t<li class=\"tribe-events-c-subscribe-dropdown__list-item tribe-events-c-subscribe-dropdown__list-item--outlook-live\">\n\t\t\t\t\t\t\t\t\t<a\n\t\t\t\t\t\t\t\t\t\thref=\"\"\n\t\t\t\t\t\t\t\t\t\tclass=\"tribe-events-c-subscribe-dropdown__list-item-link\"\n\t\t\t\t\t\t\t\t\t\ttarget=\"_blank\"\n\t\t\t\t\t\t\t\t\t\trel=\"noopener noreferrer nofollow noindex\"\n\t\t\t\t\t\t\t\t\t>\n\t\t\t\t\t\t\t\t\t\tOutlook Live\t\t\t\t\t\t\t\t\t<\/a>\n\t\t\t\t\t\t\t\t<\/li>\n\t\t\t\t\t\t\t\t\t\t\t\t\t<\/ul>\n\t\t\t\t\t<\/div>\n\t\t\t\t<\/div>\n\t\t\t<\/div>\n\t\t<\/div>\n\t<\/div>\n\n","protected":false},"excerpt":{"rendered":"<p>Inicio del curso: Viernes, 26 de junio de 2026 Horario y d\u00edas de las clases:&#8211; Viernes, 26 de junio de 16:00h a 20:00h&#8211; S\u00e1bado, 27 de junio de 9:00h a [&hellip;]<\/p>\n","protected":false},"author":22,"featured_media":0,"template":"","meta":{"_acf_changed":false,"_tec_requires_first_save":false,"_bbp_topic_count":0,"_bbp_reply_count":0,"_bbp_total_topic_count":0,"_bbp_total_reply_count":0,"_bbp_voice_count":0,"_bbp_anonymous_reply_count":0,"_bbp_topic_count_hidden":0,"_bbp_reply_count_hidden":0,"_bbp_forum_subforum_count":0,"inline_featured_image":false,"_price":"","_stock":"","_tribe_ticket_header":"","_tribe_default_ticket_provider":"","_tribe_ticket_capacity":"0","_ticket_start_date":"","_ticket_end_date":"","_tribe_ticket_show_description":"","_tribe_ticket_show_not_going":false,"_tribe_ticket_use_global_stock":"","_tribe_ticket_global_stock_level":"","_global_stock_mode":"","_global_stock_cap":"","_tribe_rsvp_for_event":"","_tribe_ticket_going_count":"","_tribe_ticket_not_going_count":"","_tribe_tickets_list":"[]","_tribe_ticket_has_attendee_info_fields":false,"_EventAllDay":false,"_EventTimezone":"Europe\/Madrid","_EventStartDate":"2026-06-27 09:00:00","_EventEndDate":"2026-06-27 13:00:00","_EventStartDateUTC":"2026-06-27 07:00:00","_EventEndDateUTC":"2026-06-27 11:00:00","_EventShowMap":false,"_EventShowMapLink":false,"_EventURL":"","_EventCost":"","_EventCostDescription":"","_EventCurrencySymbol":"\u20ac","_EventCurrencyCode":"EUR","_EventCurrencyPosition":"suffix","_EventDateTimeSeparator":" | ","_EventTimeRangeSeparator":" - ","_EventOrganizerID":[],"_EventVenueID":[5913],"_OrganizerEmail":"","_OrganizerPhone":"","_OrganizerWebsite":"","_VenueAddress":"","_VenueCity":"","_VenueCountry":"","_VenueProvince":"","_VenueState":"","_VenueZip":"","_VenuePhone":"","_VenueURL":"","_VenueStateProvince":"","_VenueLat":"","_VenueLng":"","_VenueShowMap":false,"_VenueShowMapLink":false,"_tribe_blocks_recurrence_rules":"[{\"type\":\"single\",\"all_day\":false,\"multi_day\":false,\"start_date\":\"2026-06-27\",\"_start_date_input\":\"27 de junio de 2026\",\"_start_date_obj\":\"2026-06-26T22:00:00.000Z\",\"start_time\":\"09:00:00\",\"_start_time_input\":\"09:00\",\"end_date\":\"2026-06-26\",\"_end_date_input\":\"26 DDzz junio DDzz 2026\",\"_end_date_obj\":null,\"end_time\":\"13:00:00\",\"_end_time_input\":\"13:00\",\"between\":1,\"limit_type\":\"never\",\"limit\":10,\"_limit_date_input\":\"23 DDzz enero DDzz 2027\",\"_limit_date_obj\":null,\"days\":[5],\"week\":\"fourth\",\"day\":5,\"month\":[6],\"timezone\":\"Europe\/Madrid\",\"multi_day_span\":\"next_day\",\"isOffStart\":false},{\"type\":\"single\",\"all_day\":false,\"multi_day\":false,\"start_date\":\"2026-06-27\",\"_start_date_input\":\"27 de junio de 2026\",\"_start_date_obj\":\"2026-06-26T22:00:00.000Z\",\"start_time\":\"14:00:00\",\"_start_time_input\":\"14:00\",\"end_date\":\"2026-06-26\",\"_end_date_input\":\"26 DDzz junio DDzz 2026\",\"_end_date_obj\":null,\"end_time\":\"18:00:00\",\"_end_time_input\":\"18:00\",\"between\":1,\"limit_type\":\"never\",\"limit\":10,\"_limit_date_input\":\"23 DDzz enero DDzz 2027\",\"_limit_date_obj\":null,\"days\":[5],\"week\":\"fourth\",\"day\":5,\"month\":[6],\"timezone\":\"Europe\/Madrid\",\"multi_day_span\":\"next_day\",\"isOffStart\":false},{\"type\":\"single\",\"all_day\":false,\"multi_day\":false,\"start_date\":\"2026-06-28\",\"_start_date_input\":\"28 de junio de 2026\",\"_start_date_obj\":\"2026-06-27T22:00:00.000Z\",\"start_time\":\"09:00:00\",\"_start_time_input\":\"09:00\",\"end_date\":\"2026-06-26\",\"_end_date_input\":\"26 DDzz junio DDzz 2026\",\"_end_date_obj\":null,\"end_time\":\"13:00:00\",\"_end_time_input\":\"13:00\",\"between\":1,\"limit_type\":\"never\",\"limit\":10,\"_limit_date_input\":\"23 DDzz enero DDzz 2027\",\"_limit_date_obj\":null,\"days\":[5],\"week\":\"fourth\",\"day\":5,\"month\":[6],\"timezone\":\"Europe\/Madrid\",\"multi_day_span\":\"next_day\",\"isOffStart\":false}]","_tribe_blocks_recurrence_description":"","_tribe_blocks_recurrence_exclusions":"","_tribe_events_status":"","_tribe_events_status_reason":"","_tribe_events_is_hybrid":"","_tribe_events_is_virtual":"","_tribe_events_virtual_video_source":"","_tribe_events_virtual_embed_video":"","_tribe_events_virtual_linked_button_text":"","_tribe_events_virtual_linked_button":"","_tribe_events_virtual_show_embed_at":"","_tribe_events_virtual_show_embed_to":[],"_tribe_events_virtual_show_on_event":"","_tribe_events_virtual_show_on_views":"","_tribe_events_virtual_url":"","footnotes":"","_tec_slr_enabled":"","_tec_slr_layout":""},"tags":[],"tribe_events_cat":[84,132],"class_list":["post-10000776","tribe_events","type-tribe_events","status-publish","hentry","tribe_events_cat-per","tribe_events_cat-per-curso-palamos","cat_per","cat_per-curso-palamos","tribe-recurring-event","tribe-recurring-event-parent"],"acf":[],"ticketed":false,"_links":{"self":[{"href":"https:\/\/escolanauticamedinya.com\/ca\/wp-json\/wp\/v2\/tribe_events\/10000776","targetHints":{"allow":["GET"]}}],"collection":[{"href":"https:\/\/escolanauticamedinya.com\/ca\/wp-json\/wp\/v2\/tribe_events"}],"about":[{"href":"https:\/\/escolanauticamedinya.com\/ca\/wp-json\/wp\/v2\/types\/tribe_events"}],"author":[{"embeddable":true,"href":"https:\/\/escolanauticamedinya.com\/ca\/wp-json\/wp\/v2\/users\/22"}],"version-history":[{"count":0,"href":"https:\/\/escolanauticamedinya.com\/ca\/wp-json\/wp\/v2\/tribe_events\/10000776\/revisions"}],"wp:attachment":[{"href":"https:\/\/escolanauticamedinya.com\/ca\/wp-json\/wp\/v2\/media?parent=10000776"}],"wp:term":[{"taxonomy":"post_tag","embeddable":true,"href":"https:\/\/escolanauticamedinya.com\/ca\/wp-json\/wp\/v2\/tags?post=10000776"},{"taxonomy":"tribe_events_cat","embeddable":true,"href":"https:\/\/escolanauticamedinya.com\/ca\/wp-json\/wp\/v2\/tribe_events_cat?post=10000776"}],"curies":[{"name":"wp","href":"https:\/\/api.w.org\/{rel}","templated":true}]}}